{"id":1173,"date":"2024-08-05T13:28:45","date_gmt":"2024-08-05T13:28:45","guid":{"rendered":"https:\/\/archline.ch\/?page_id=1173"},"modified":"2025-02-01T18:14:45","modified_gmt":"2025-02-01T18:14:45","slug":"dessins-dossier-de-concours-darchitecture","status":"publish","type":"page","link":"https:\/\/architurlinie.ch\/?page_id=1173","title":{"rendered":"Zeichnungen Wettbewerbsdatei"},"content":{"rendered":"\n<p class=\"wp-block-paragraph\">Da wir bereits an mehreren Architekturprojekten mitgewirkt haben, unterst\u00fctzen wir Sie bei der Erstellung von Zeichnungen f\u00fcr die Akte zum Architekturwettbewerb auf Grundlage Ihrer Skizzen.<\/p>\n\n\n\n<p class=\"wp-block-paragraph\">F\u00fcr die Erstellung der Architektur-Wettbewerbsunterlagen gibt es ein Sonderpaket in H\u00f6he von 2490,-.<\/p>\n\n\n\n<figure class=\"wp-block-gallery has-nested-images columns-default is-cropped wp-block-gallery-1 is-layout-flex wp-block-gallery-is-layout-flex\">\n<figure class=\"wp-block-image size-large\"><img decoding=\"async\" data-id=\"1035\" src=\"https:\/\/archline.ch\/wp-content\/uploads\/2021\/12\/Phare-de-Gene\u0300ve-plans-coupes-situation-719x1024.jpg\" alt=\"\" class=\"wp-image-1035\"\/><\/figure>\n\n\n\n<figure class=\"wp-block-image size-large\"><img decoding=\"async\" data-id=\"1033\" src=\"https:\/\/archline.ch\/wp-content\/uploads\/2021\/12\/Phare-de-Gene\u0300ve-coupes-deux-1024x431.jpg\" alt=\"\" class=\"wp-image-1033\"\/><\/figure>\n\n\n\n<figure class=\"wp-block-image size-large\"><img decoding=\"async\" data-id=\"1027\" src=\"https:\/\/archline.ch\/wp-content\/uploads\/2021\/12\/Phare-page-image-1-1024x609.jpg\" alt=\"\" class=\"wp-image-1027\"\/><figcaption class=\"wp-element-caption\">Phare de Gen\u00e8ve vue d&rsquo;ensemble 1<\/figcaption><\/figure>\n\n\n\n<figure class=\"wp-block-image size-large\"><img decoding=\"async\" data-id=\"1031\" src=\"https:\/\/archline.ch\/wp-content\/uploads\/2021\/12\/Phare-de-Gene\u0300ve-coupes-1024x416.jpg\" alt=\"\" class=\"wp-image-1031\"\/><\/figure>\n\n\n\n<figure class=\"wp-block-image size-large\"><img decoding=\"async\" data-id=\"1020\" src=\"https:\/\/archline.ch\/wp-content\/uploads\/2021\/09\/Primarschule-1024x862.jpg\" alt=\"\" class=\"wp-image-1020\"\/><\/figure>\n\n\n\n<figure class=\"wp-block-image size-large\"><img decoding=\"async\" data-id=\"1044\" src=\"https:\/\/archline.ch\/wp-content\/uploads\/2022\/02\/Projet-Colle\u0300ge-Latin-3-1024x640.jpg\" alt=\"\" class=\"wp-image-1044\"\/><\/figure>\n\n\n\n<figure class=\"wp-block-image size-large\"><img decoding=\"async\" data-id=\"1042\" src=\"https:\/\/archline.ch\/wp-content\/uploads\/2022\/02\/Projet-Colle\u0300ge-Latin-2-1024x640.jpg\" alt=\"\" class=\"wp-image-1042\"\/><\/figure>\n\n\n\n<figure class=\"wp-block-image size-large\"><img decoding=\"async\" data-id=\"1040\" src=\"https:\/\/archline.ch\/wp-content\/uploads\/2022\/02\/Projet-Colle\u0300ge-Latin-1-1024x640.jpg\" alt=\"\" class=\"wp-image-1040\"\/><\/figure>\n\n\n\n<figure class=\"wp-block-image size-large\"><img decoding=\"async\" data-id=\"1018\" src=\"https:\/\/archline.ch\/wp-content\/uploads\/2021\/09\/Primarschule-3-1024x477.jpg\" alt=\"\" class=\"wp-image-1018\"\/><\/figure>\n\n\n\n<figure class=\"wp-block-image size-large\"><img decoding=\"async\" data-id=\"1006\" src=\"https:\/\/archline.ch\/wp-content\/uploads\/2021\/09\/Champagne-final-2.1-1024x713.jpg\" alt=\"\" class=\"wp-image-1006\"\/><\/figure>\n\n\n\n<figure class=\"wp-block-image size-large\"><img decoding=\"async\" data-id=\"995\" src=\"https:\/\/archline.ch\/wp-content\/uploads\/2021\/09\/Champagne-final-1.1-1024x741.jpg\" alt=\"\" class=\"wp-image-995\"\/><figcaption class=\"wp-element-caption\">Concours Centre sportif Champagne 1.1<\/figcaption><\/figure>\n\n\n\n<figure class=\"wp-block-image size-large\"><img decoding=\"async\" data-id=\"976\" src=\"https:\/\/archline.ch\/wp-content\/uploads\/2020\/10\/4.N-1024x723.jpg\" alt=\"\" class=\"wp-image-976\"\/><figcaption class=\"wp-element-caption\">4.N<\/figcaption><\/figure>\n\n\n\n<figure class=\"wp-block-image size-large\"><img decoding=\"async\" data-id=\"967\" src=\"https:\/\/archline.ch\/wp-content\/uploads\/2020\/10\/1.N-1024x723.jpg\" alt=\"\" class=\"wp-image-967\"\/><figcaption class=\"wp-element-caption\">1.N<\/figcaption><\/figure>\n\n\n\n<figure class=\"wp-block-image size-large\"><img decoding=\"async\" data-id=\"965\" src=\"https:\/\/archline.ch\/wp-content\/uploads\/2020\/10\/5.N-1024x723.jpg\" alt=\"\" class=\"wp-image-965\"\/><figcaption class=\"wp-element-caption\">5.N<\/figcaption><\/figure>\n\n\n\n<figure class=\"wp-block-image size-large\"><img decoding=\"async\" data-id=\"964\" src=\"https:\/\/archline.ch\/wp-content\/uploads\/2020\/10\/3.N-1024x723.jpg\" alt=\"\" class=\"wp-image-964\"\/><figcaption class=\"wp-element-caption\">3.N<\/figcaption><\/figure>\n<\/figure>\n","protected":false},"excerpt":{"rendered":"<p>Da wir bereits an mehreren Architekturprojekten mitgewirkt haben, unterst\u00fctzen wir Sie bei der Erstellung von Zeichnungen f\u00fcr die Akte zum Architekturwettbewerb auf Grundlage Ihrer Skizzen. F\u00fcr die Erstellung der Architektur-Wettbewerbsunterlagen gibt es ein Sonderpaket in H\u00f6he von 2490,-.<\/p>\n","protected":false},"author":1,"featured_media":0,"parent":0,"menu_order":0,"comment_status":"closed","ping_status":"closed","template":"","meta":{"footnotes":""},"class_list":["post-1173","page","type-page","status-publish","hentry"],"_links":{"self":[{"href":"https:\/\/architurlinie.ch\/index.php?rest_route=\/wp\/v2\/pages\/1173","targetHints":{"allow":["GET"]}}],"collection":[{"href":"https:\/\/architurlinie.ch\/index.php?rest_route=\/wp\/v2\/pages"}],"about":[{"href":"https:\/\/architurlinie.ch\/index.php?rest_route=\/wp\/v2\/types\/page"}],"author":[{"embeddable":true,"href":"https:\/\/architurlinie.ch\/index.php?rest_route=\/wp\/v2\/users\/1"}],"replies":[{"embeddable":true,"href":"https:\/\/architurlinie.ch\/index.php?rest_route=%2Fwp%2Fv2%2Fcomments&post=1173"}],"version-history":[{"count":2,"href":"https:\/\/architurlinie.ch\/index.php?rest_route=\/wp\/v2\/pages\/1173\/revisions"}],"predecessor-version":[{"id":1450,"href":"https:\/\/architurlinie.ch\/index.php?rest_route=\/wp\/v2\/pages\/1173\/revisions\/1450"}],"wp:attachment":[{"href":"https:\/\/architurlinie.ch\/index.php?rest_route=%2Fwp%2Fv2%2Fmedia&parent=1173"}],"curies":[{"name":"wp","href":"https:\/\/api.w.org\/{rel}","templated":true}]}}